{"id":439,"date":"2020-08-26T11:44:50","date_gmt":"2020-08-26T09:44:50","guid":{"rendered":"http:\/\/julesferry-cannes.fr\/?page_id=439"},"modified":"2025-11-18T16:12:14","modified_gmt":"2025-11-18T15:12:14","slug":"bts-ms","status":"publish","type":"page","link":"https:\/\/julesferry-cannes.fr\/?page_id=439","title":{"rendered":"BTS Maintenance des syst\u00e8mes (MS)"},"content":{"rendered":"<a href=\"https:\/\/julesferry-cannes.fr\/wp-content\/uploads\/2025\/11\/08282-LYCEE-JULES-FERRY-Roll-up-MS-V5.pdf\" class=\"pdfemb-viewer\" style=\"\" data-width=\"max\" data-height=\"max\"  data-toolbar=\"bottom\" data-toolbar-fixed=\"off\">08282-LYCEE-JULES-FERRY-Roll-up-MS-V5<br\/><\/a>\n<p class=\"wp-block-pdfemb-pdf-embedder-viewer\"><\/p>\n\n\n<a href=\"https:\/\/julesferry-cannes.fr\/wp-content\/uploads\/2021\/01\/brochure-ms-page-1.pdf\" class=\"pdfemb-viewer\" style=\"\" data-width=\"max\" data-height=\"max\"  data-toolbar=\"bottom\" data-toolbar-fixed=\"off\">brochure-ms-page-1<br\/><\/a>\n<p class=\"wp-block-pdfemb-pdf-embedder-viewer\"><\/p>\n\n\n<a href=\"https:\/\/julesferry-cannes.fr\/wp-content\/uploads\/2021\/02\/brochure-ms-page-2.pdf\" class=\"pdfemb-viewer\" style=\"\" data-width=\"max\" data-height=\"max\"  data-toolbar=\"bottom\" data-toolbar-fixed=\"off\">brochure-ms-page-2<br\/><\/a>\n<p class=\"wp-block-pdfemb-pdf-embedder-viewer\"><\/p>\n\n\n\n<div class=\"wp-block-buttons is-content-justification-center is-layout-flex wp-container-core-buttons-layout-1 wp-block-buttons-is-layout-flex\">\n<div class=\"wp-block-button is-style-fill\"><a class=\"wp-block-button__link has-white-color has-text-color has-background has-link-color wp-element-button\" href=\"http:\/\/julesferry-cannes.fr\/wp-content\/uploads\/2021\/01\/bts-ms-modifie-12_20.pdf\" style=\"border-radius:0px;background-color:#3770ab\">T\u00e9l\u00e9charger le flyer BTS MS<\/a><\/div>\n<\/div>\n\n\n\n<p class=\"has-text-color has-link-color has-large-font-size wp-elements-67d8a85e083f553e45d510274da30e48\" style=\"color:#3770ab\">Nos \u00e9tudiants en mobilit\u00e9 Erasmus en Pologne<\/p>\n\n\n\n<p>Notre partenariat avec le dispositif \u00ab\u00a0Ing\u00e9nieurs Pour l&rsquo;Ecole\u00a0\u00bb a permis \u00e0 nos \u00e9tudiants de premi\u00e8re ann\u00e9e de BTS Maintenance des Syst\u00e8mes de Production de participer au recrutement organis\u00e9 par Schneider Electric pour accueillir 2 \u00e9tudiants en mobilit\u00e9 Erasmus pour une dur\u00e9e de 11 semaines dans son usine de Szczecine (40.000 habitants) en Pologne. Il s\u2019agit d\u2019une usine importante de production d\u2019\u00e9quipements \u00e9lectriques basse tension.<\/p>\n\n\n\n<p>En concurrence avec 3 autres lyc\u00e9es de la r\u00e9gion, c&rsquo;est 2 volontaires \u00e9videmment \u00e0 l&rsquo;aise avec la langue anglaise qui ont postul\u00e9 et ont d\u00e9croch\u00e9 cette belle opportunit\u00e9.<\/p>\n\n\n\n<p>Vous pouvez suivre leur exp\u00e9rience sur le blog qu&rsquo;ils r\u00e9digent \u00e0 cette occasion :<\/p>\n\n\n\n<p><a href=\"https:\/\/www.notion.so\/Blog-stage-Pologne-20c6cd60258680aebb99f62e052c58d2\">Blog des \u00e9tudiants en stage Erasmus en Pologne<\/a><\/p>\n\n\n\n<figure class=\"wp-block-image size-large is-resized\"><img loading=\"lazy\" decoding=\"async\" width=\"947\" height=\"1024\" src=\"https:\/\/julesferry-cannes.fr\/wp-content\/uploads\/2025\/08\/Erasmus-2025-947x1024.jpeg\" alt=\"\" class=\"wp-image-2661\" style=\"width:513px;height:auto\" srcset=\"https:\/\/julesferry-cannes.fr\/wp-content\/uploads\/2025\/08\/Erasmus-2025-947x1024.jpeg 947w, https:\/\/julesferry-cannes.fr\/wp-content\/uploads\/2025\/08\/Erasmus-2025-277x300.jpeg 277w, https:\/\/julesferry-cannes.fr\/wp-content\/uploads\/2025\/08\/Erasmus-2025-768x831.jpeg 768w, https:\/\/julesferry-cannes.fr\/wp-content\/uploads\/2025\/08\/Erasmus-2025-1420x1536.jpeg 1420w, https:\/\/julesferry-cannes.fr\/wp-content\/uploads\/2025\/08\/Erasmus-2025-250x270.jpeg 250w, https:\/\/julesferry-cannes.fr\/wp-content\/uploads\/2025\/08\/Erasmus-2025.jpeg 1479w\" sizes=\"(max-width: 947px) 100vw, 947px\" \/><\/figure>\n\n\n\n<hr class=\"wp-block-separator has-alpha-channel-opacity\"\/>\n\n\n\n<h1 class=\"wp-block-heading has-text-color has-link-color wp-elements-7298a23cde64afd6e267ee1f17f95b0e\" style=\"color:#3770ab\"><span style=\"background-color:rgba(0, 0, 0, 0)\" class=\"has-inline-color has-vivid-cyan-blue-color\">Que sont devenus nos anciens \u00e9l\u00e8ves ?<\/span><\/h1>\n\n\n\n<div class=\"wp-block-pb-accordion-item c-accordion__item js-accordion-item no-js\" data-initially-open=\"false\" data-click-to-close=\"true\" data-auto-close=\"true\" data-scroll=\"false\" data-scroll-offset=\"0\"><h4 id=\"at-4390\" class=\"c-accordion__title js-accordion-controller\" role=\"button\"><br><\/h4><div id=\"ac-4390\" class=\"c-accordion__content\">\n<p><\/p>\n<\/div><\/div>\n\n\n<div class=\"wp-block-image\">\n<figure class=\"alignright size-large is-resized\"><img loading=\"lazy\" decoding=\"async\" width=\"768\" height=\"1024\" src=\"https:\/\/julesferry-cannes.fr\/wp-content\/uploads\/2021\/02\/Alexis-2-768x1024.jpeg\" alt=\"\" class=\"wp-image-1147\" style=\"width:185px;height:247px\" srcset=\"https:\/\/julesferry-cannes.fr\/wp-content\/uploads\/2021\/02\/Alexis-2-768x1024.jpeg 768w, https:\/\/julesferry-cannes.fr\/wp-content\/uploads\/2021\/02\/Alexis-2-225x300.jpeg 225w, https:\/\/julesferry-cannes.fr\/wp-content\/uploads\/2021\/02\/Alexis-2-1152x1536.jpeg 1152w, https:\/\/julesferry-cannes.fr\/wp-content\/uploads\/2021\/02\/Alexis-2-1536x2048.jpeg 1536w, https:\/\/julesferry-cannes.fr\/wp-content\/uploads\/2021\/02\/Alexis-2-203x270.jpeg 203w, https:\/\/julesferry-cannes.fr\/wp-content\/uploads\/2021\/02\/Alexis-2-scaled.jpeg 1920w\" sizes=\"(max-width: 768px) 100vw, 768px\" \/><\/figure><\/div>\n\n\n<div class=\"wp-block-pb-accordion-item c-accordion__item js-accordion-item no-js\" data-initially-open=\"false\" data-click-to-close=\"true\" data-auto-close=\"true\" data-scroll=\"false\" data-scroll-offset=\"0\"><h4 id=\"at-4391\" class=\"c-accordion__title js-accordion-controller\" role=\"button\"><strong>Alexis &#8211; Promo 2014 en formation initiale &#8211; Bac STI<\/strong><br>Apr\u00e8s le BTS M.I j&rsquo;ai voulu int\u00e9grer une licence<br>professionnel (en alternance sur 1 an) MSPA (Maintenance des Syst\u00e8mes<br>Pluritechnique A\u00e9ronautique) de l&rsquo;I.U.T d&rsquo;Aix-Marseille, avec succ\u00e8s<br>puisque j&rsquo;ai r\u00e9ussi \u00e0 d\u00e9crocher une alternance \u00e0 Toulouse chez<br>Derichebourg Atis A\u00e9ronautique, un des sous-traitants majeur d&rsquo;Airbus,<br>en tant que pr\u00e9parateur A\u00e9ronautique sur l&rsquo;A350.(R\u00e9dacteur des gammes<br>de montages)<br>&#8211; &#8211; &#8211; &#8211; -&gt; Cliquer pour voir la suite &#8230;<br><\/h4><div id=\"ac-4391\" class=\"c-accordion__content\">\n<p>Pour informations les cours se passe \u00e0 Gap sur l&rsquo;a\u00e9rodrome de<br>Tallard, mais les alternances sont par tranche de 3 mois donc cela<br>facilite l&rsquo;organisation entre le lieu de stage et les cours.<\/p>\n\n\n\n<p>Apr\u00e8s avoir obtenu ma licence, Derichebourg m&rsquo;a propos\u00e9 un CDI<br>en support production (r\u00e9alisation de Gantt, chronom\u00e9trage des t\u00e2ches<br>d&rsquo;assemblages, mise en place d&rsquo;outils de suivis de production, etc\u2026)<br>toujours sur le programme A350. J&rsquo;y suis rest\u00e9 un peu moins de 2 ans.<br>J&rsquo;ai ensuite demand\u00e9 ma mutation \u00e0 Marignane pour revenir en PACA,<br>toujours chez Derichebourg A\u00e9ro mais en sous-traitance d&rsquo;Airbus<br>Helicopters, en tant que support technique sur Super-Puma. La<br>production me rapportait les probl\u00e8mes d&rsquo;assemblages, je faisais le<br>parcours sur la cause du probl\u00e8me et je demandais une solution au<br>bureau d&rsquo;\u00e9tude concern\u00e9 si besoin.<\/p>\n\n\n\n<p>Pour finir, depuis fin 2018 je suis pass\u00e9 du c\u00f4t\u00e9 exploitant en<br>quittant Derichebourg et la production, pour H\u00e9licopt\u00e8res de France<br>(groupe HBG) \u00e0 Gap, c&rsquo;est une compagnie d&rsquo;h\u00e9licopt\u00e8res (Travail<br>a\u00e9rien, prise de vue, lutte incendie, transport vip, SAMU etc..) On a<br>notamment les contrats du Tour de France et du rallye Dakar. Nous<br>sommes \u00e9galement \u00ab\u00a0Service center AIRBUS\u00a0\u00bb et avons de nombreux contrats<br>de maintenance en plus des h\u00e9licos du groupe, avec des h\u00e9licos priv\u00e9s<br>et \u00e9tatiques, l&rsquo;\u00e9tat sous-traitant une grosse partie de la maintenance<br>a\u00e9ro \u00e0 des entreprises priv\u00e9es.<br>Pour ce qui est de mon poste je fais toujours partie des m\u00e9tiers<br>supports et j&rsquo;effectue des t\u00e2ches de suivis de navigabilit\u00e9 sur les<br>appareils, je lance les dossiers de maintenance en fonction.<br>Principalement du pr\u00e9visionnel pour ma part, je met ensuite \u00e0 jour les<br>documents appareils en fonction des travaux qui ont \u00e9t\u00e9 lanc\u00e9s et<br>j&rsquo;effectue un travail de support technique pour l&rsquo;atelier en suivant<br>l&rsquo;avancement des diff\u00e9rentes visites.<\/p>\n<\/div><\/div>\n\n\n\n<hr class=\"wp-block-separator has-css-opacity\"\/>\n\n\n\n<div class=\"wp-block-pb-accordion-item c-accordion__item js-accordion-item no-js\" data-initially-open=\"false\" data-click-to-close=\"true\" data-auto-close=\"true\" data-scroll=\"false\" data-scroll-offset=\"0\"><h4 id=\"at-4392\" class=\"c-accordion__title js-accordion-controller\" role=\"button\"><strong>Arnaud &#8211; Promo 2004 en formation initiale &#8211; Bas STI<\/strong><br>Je suis chez Engie Cofely depuis 2005.<br>Je suis rest\u00e9 5 ans sur&nbsp;le site d\u2019Air France \u00e0 Sophia Antipolis en tant que technicien faisant les 3&#215;8.<br>Je suis pass\u00e9 ensuite responsable de site pour Texas Instrument \u00e0 Villeneuve Loubet pendant 2 ans.<br>&#8211; &#8211; &#8211; &#8211; -&gt; Cliquer pour voir la suite &#8230;<\/h4><div id=\"ac-4392\" class=\"c-accordion__content\">\n<p>Ensuite pendant 4 ans, j&rsquo;ai \u00e9t\u00e9 responsable du site du Palais des Congr\u00e8s et des Expositions Acropolis \u00e0 Nice.<\/p>\n\n\n\n<p>Depuis Octobre 2019, je suis responsable de site Amadeus \u00e0 Villeneuve Loubet, le plus gros contrat de l\u2019agence Engie de Nice. Mon \u00e9quipe est form\u00e9e de 5 Techniciens et d&rsquo;un adjoint.<\/p>\n\n\n\n<p>Pour ma part, je suis en autogestion. Je m\u2019occupe d\u2019organiser la maintenance pr\u00e9ventive et le correctif du site sur les 30 000 m2 de bureaux. Je suis la passerelle entre l\u2019\u00e9quipe et mon client, mais aussi et surtout, entre mon client et ma direction.<\/p>\n\n\n\n<p>Nous fonctionnons un peu comme une PME, je fais aussi bien la facturation ou les devis. Je passe de manager \u00e0 technicien si besoin, mais je reste tr\u00e8s orient\u00e9 technique, ce qui me permet de passer beaucoup de temps \u00e0 faire de l\u2019assistance client pour tout ce qui touche \u00e0 son b\u00e2timent.<\/p>\n\n\n\n<p>En ce qui concerne les domaines technique, nous avons en charge la maintenance de pas mal de choses bien diff\u00e9rentes, \u00e9lectricit\u00e9 HT et BT, CVCD (Clim Ventilation Chauffage D\u00e9senfumage), plomberie, d\u00e9tection incendie, groupes \u00e9lectrog\u00e8nes, onduleurs, protection incendie (poteaux, motopompe, sprinkler, canons \u00e0 eau), groupes de production froid, chaudi\u00e8res, contr\u00f4le d&rsquo;acc\u00e8s et la Gestion Technique Centralis\u00e9e (GTC)&nbsp;qui pilote l\u2019ensemble des \u00e9quipements, \u00e9clairages des espaces y compris.&nbsp;<\/p>\n\n\n\n<p>J\u2019ai un objectif financier et un budget \u00e0 tenir sur un contrat qui d\u00e9passe \u00e0 pr\u00e9sent le million d\u2019euros.<\/p>\n\n\n\n<p>Concernant les avantages, j\u2019ai une voiture de service donc aucun frais de d\u00e9placement, un ordinateur portable, un smartphone et une tablette.<\/p>\n<\/div><\/div>\n\n\n\n<hr class=\"wp-block-separator has-css-opacity\"\/>\n\n\n<div class=\"wp-block-image\">\n<figure class=\"alignright size-large is-resized\"><img loading=\"lazy\" decoding=\"async\" width=\"201\" height=\"292\" src=\"https:\/\/julesferry-cannes.fr\/wp-content\/uploads\/2021\/02\/tom-1.png\" alt=\"\" class=\"wp-image-1325\" style=\"width:130px;height:189px\" srcset=\"https:\/\/julesferry-cannes.fr\/wp-content\/uploads\/2021\/02\/tom-1.png 201w, https:\/\/julesferry-cannes.fr\/wp-content\/uploads\/2021\/02\/tom-1-186x270.png 186w\" sizes=\"(max-width: 201px) 100vw, 201px\" \/><\/figure><\/div>\n\n\n<div class=\"wp-block-pb-accordion-item c-accordion__item js-accordion-item no-js\" data-initially-open=\"false\" data-click-to-close=\"true\" data-auto-close=\"true\" data-scroll=\"false\" data-scroll-offset=\"0\"><h4 id=\"at-4393\" class=\"c-accordion__title js-accordion-controller\" role=\"button\"><br><strong>Tom &#8211; Promo 2020 en formation initiale &#8211; Bac S SVT<\/strong><br>Je suis issu d\u2019un BAC S option SVT, et j&rsquo;ai suivi un cursus d\u2019ing\u00e9nieur en G\u00e9nie Industriel au Conservatoire National des Arts et M\u00e9tiers d\u2019Avignon.<br>&#8211; &#8211; &#8211; &#8211; -&gt; Cliquer pour voir la suite &#8230;<br><\/h4><div id=\"ac-4393\" class=\"c-accordion__content\">\n<p>J&rsquo;ai sign\u00e9 un contrat d&rsquo;apprentissage chez \u00ab Timac Agro France \u00bb en tant qu\u2019apprenti<br>ing\u00e9nieur maintenance. Timac Agro \u00e9tant une entreprise produisant des<br>engrais naturels.<br>Cette formation m\u2019a apport\u00e9 un bagage th\u00e9orique pendant les p\u00e9riodes d\u2019\u00e9cole avec des<br>mati\u00e8res comme l\u2019\u00e9lectricit\u00e9, le r\u00e9seau de terrain, l\u2019\u00e9lectronique, la m\u00e9canique, la gestion de<br>production ou encore l\u2019\u00e9conomie. Mais de plus elle m\u2019a apport\u00e9 aussi beaucoup d\u2019exp\u00e9rience en<br>entreprise, en effet, j&rsquo;\u00e9tais amen\u00e9 \u00e0 r\u00e9aliser de nombreuses activit\u00e9s dans l\u2019entreprise allant de la<br>pratique pure de la maintenance sur une machine (r\u00e9paration, remise en service) jusqu\u2019\u00e0 l\u2019animation<br>de r\u00e9unions de chantier et la direction d\u2019\u00e9quipes lors d\u2019arr\u00eats techniques. Ces activit\u00e9s m&rsquo;ont men\u00e9<br>donc de plus en plus vers le poste d\u2019ing\u00e9nieur maintenance. En plus de ces<br>diverses activit\u00e9s, j&rsquo;\u00e9tais charg\u00e9 d\u2019un projet de maintenance repr\u00e9sentant mon fil rouge sur l\u2019ann\u00e9e<br>scolaire 2020\/2021. Ce projet consistait \u00e0 r\u00e9aliser un logiciel de maintenance (G.M.A.O.) pour tout le<br>site de production de l\u2019usine, j&rsquo;ai donc d\u00fb faire appel \u00e0 de nombreuses comp\u00e9tences vues en cours, comme<br>la programmation vue en terminale S, la strat\u00e9gie de maintenance vu en BTS MSP ou bien la gestion<br>de production vue en \u00e9cole d\u2019ing\u00e9nieurs.<br>En tant qu\u2019apprenti ing\u00e9nieur je poss\u00e8dais donc une r\u00e9elle place dans mon entreprise avec un<br>impact sur l\u2019am\u00e9lioration continue de celle-ci \u00e0 travers diff\u00e9rentes activit\u00e9s et projets.<\/p>\n\n\n\n<p>Suite \u00e0 l&rsquo;obtention de mon dipl\u00f4me d&rsquo;ing\u00e9nieur, j\u2019ai eu la chance d\u2019\u00eatre embauch\u00e9 au si\u00e8ge social. Aujourd\u2019hui, en tant<br>qu\u2019ing\u00e9nieur projet en informatique industrielle, mon travail s\u2019articule autour de deux grandes missions.<\/p>\n\n\n\n<p>La premi\u00e8re consiste \u00e0 g\u00e9rer des projets process au sein des usines Timac Agro, o\u00f9 j\u2019interviens sur la<br>cr\u00e9ation, l\u2019am\u00e9lioration ou la refonte des ateliers de production, principalement en \u00e9lectricit\u00e9 et<br>automatisation. La seconde facette de mon poste concerne l\u2019informatique industrielle, avec le<br>d\u00e9veloppement et l\u2019am\u00e9lioration de l\u2019application de supervision des lignes de production, ainsi que la<br>mise en place de syst\u00e8mes de collecte de donn\u00e9es pour permettre aux \u00e9quipes terrain<br>d\u2019ordonnancer et de d\u00e9clarer et leurs production (Gestion d\u2019atelier) et aux \u00e9quipes support<br>d\u2019analyser les donn\u00e9es usines.<br>En parall\u00e8le, je suis \u00e9galement responsable du d\u00e9pannage et du suivi \u00e0 distance des syst\u00e8mes<br>automatis\u00e9s. Cette dimension de maintenance est essentielle pour garantir la disponibilit\u00e9 des<br>\u00e9quipements et pr\u00e9venir les dysfonctionnements. Mon poste bas\u00e9 \u00e0 Saint-Malo en Bretagne me<br>conduit \u00e0 me d\u00e9placer r\u00e9guli\u00e8rement dans les usines du groupe \u00e0 travers la France (8 Usines en<br>France), que ce soit pour la mise en \u0153uvre de nouveaux projets ou pour des interventions de<br>maintenance.<br>Cette exp\u00e9rience polyvalente, \u00e0 la fois technique et terrain, m\u2019a permis d\u2019acqu\u00e9rir des comp\u00e9tences<br>pointues en automatisation, supervision industrielle et gestion de projets. Je suis fier de contribuer \u00e0<br>l\u2019am\u00e9lioration continue de mon entreprise tout en \u00e9voluant dans un secteur qui me passionne.<\/p>\n\n\n\n<p> travers diff\u00e9rentes activit\u00e9s et projets.<\/p>\n<\/div><\/div>\n\n\n\n<hr class=\"wp-block-separator has-css-opacity\"\/>\n\n\n\n<p><a href=\"https:\/\/julesferry-cannes.fr\/?page_id=712\">==&gt; Voir le BTS MS Alternance<\/a><\/p>\n\n\n<b>PDF Embedder requires a url attribute<\/b>","protected":false},"excerpt":{"rendered":"<p>Nos \u00e9tudiants en mobilit\u00e9 Erasmus en Pologne Notre partenariat avec le dispositif \u00ab\u00a0Ing\u00e9nieurs Pour l&rsquo;Ecole\u00a0\u00bb a permis \u00e0 nos \u00e9tudiants de premi\u00e8re ann\u00e9e de BTS Maintenance des Syst\u00e8mes de Production de participer au recrutement organis\u00e9 par Schneider Electric pour accueillir&hellip;&nbsp;<a href=\"https:\/\/julesferry-cannes.fr\/?page_id=439\" class=\"more-link\">Read More<\/a><\/p>\n","protected":false},"author":1,"featured_media":0,"parent":0,"menu_order":0,"comment_status":"closed","ping_status":"closed","template":"templates\/full-width.php","meta":{"footnotes":""},"_links":{"self":[{"href":"https:\/\/julesferry-cannes.fr\/index.php?rest_route=\/wp\/v2\/pages\/439"}],"collection":[{"href":"https:\/\/julesferry-cannes.fr\/index.php?rest_route=\/wp\/v2\/pages"}],"about":[{"href":"https:\/\/julesferry-cannes.fr\/index.php?rest_route=\/wp\/v2\/types\/page"}],"author":[{"embeddable":true,"href":"https:\/\/julesferry-cannes.fr\/index.php?rest_route=\/wp\/v2\/users\/1"}],"replies":[{"embeddable":true,"href":"https:\/\/julesferry-cannes.fr\/index.php?rest_route=%2Fwp%2Fv2%2Fcomments&post=439"}],"version-history":[{"count":52,"href":"https:\/\/julesferry-cannes.fr\/index.php?rest_route=\/wp\/v2\/pages\/439\/revisions"}],"predecessor-version":[{"id":2719,"href":"https:\/\/julesferry-cannes.fr\/index.php?rest_route=\/wp\/v2\/pages\/439\/revisions\/2719"}],"wp:attachment":[{"href":"https:\/\/julesferry-cannes.fr\/index.php?rest_route=%2Fwp%2Fv2%2Fmedia&parent=439"}],"curies":[{"name":"wp","href":"https:\/\/api.w.org\/{rel}","templated":true}]}}